{"id":15,"date":"2022-08-28T12:17:21","date_gmt":"2022-08-28T12:17:21","guid":{"rendered":"https:\/\/www.privatkollar.sk\/?page_id=15"},"modified":"2022-08-28T17:33:24","modified_gmt":"2022-08-28T17:33:24","slug":"region","status":"publish","type":"page","link":"https:\/\/www.privatkollar.sk\/?page_id=15","title":{"rendered":"Region"},"content":{"rendered":"\n<h2>Vysok\u00e9 Tatry <\/h2>\n\n\n\n<p> Dominantou v na\u0161om okol\u00ed s\u00fa ur\u010dite Vysok\u00e9 Tatry, najmen\u0161ie ve\u013ehory sveta! <\/p>\n\n\n\n<p>Vysok\u00e9 Tatry a okolie pon\u00fakaj\u00fa skvel\u00e9 podmienky pre mnoho \u0161portov ako je ly\u017eovanie, beh na ly\u017eiach, kor\u010dulovanie, s\u00e1nkovanie, tenis, pl\u00e1vanie, turistiku, horolezectvo aj golf. <\/p>\n\n\n\n<p>Po kr\u00e1snych t\u00farach vo Vysok\u00fdch Tatr\u00e1ch si m\u00f4\u017eete odd\u00fdchnu\u0165 v term\u00e1lnych k\u00fapalisk\u00e1ch v Poprade (<a href=\"http:\/\/www.aquacity.sk\" target=\"_blank\" rel=\"noreferrer noopener\">www.aquacity.sk<\/a>), Be\u0161e\u0148ovej, vo Vrbove a v Tatralandii, ale aj v nespo\u010detn\u00fdch baz\u00e9noch, kaviar\u0148ach a diskot\u00e9kach. V zime pon\u00fakaj\u00fa Tatry nezabudnute\u013en\u00fa ly\u017eova\u010dku, \u010di u\u017e na \u0160trbskom Plese, na Hrebienku, alebo v Lomnickom Sedle ( <a href=\"http:\/\/www.tld-tatry.sk\" target=\"_blank\" rel=\"noreferrer noopener\">www.tld-tatry.sk<\/a>, <a href=\"http:\/\/www.snowpark.sk\" target=\"_blank\" rel=\"noreferrer noopener\">www.snowpark.sk<\/a>). Samozrejme je tu aj mno\u017estvo svahov pre mal\u00fdch ly\u017eiarov.<\/p>\n\n\n\n<p>Ne\u010fa\u013eeko od Vysok\u00fdch Tatier s\u00fa N\u00edzke Tatry, Slovensk\u00fd raj, \u010cerven\u00fd kl\u00e1\u0161tor s mo\u017enos\u0165ou plavenia sa po Dunajci, Spi\u0161sk\u00fd hrad, \u013dubovniansky hrad, Dob\u0161insk\u00e1 \u013eadov\u00e1 jasky\u0148a, Dem\u00e4novsk\u00e1 jasky\u0148a a jasky\u0148a Domica. <\/p>\n\n\n<h2>Nov\u00e1 Lesn\u00e1<\/h2>\n\n\n<p>Obec, v ktorej sa nach\u00e1dza n\u00e1\u0161 priv\u00e1t, je na \u00fap\u00e4t\u00ed t\u00fdchto majest\u00e1tnych ve\u013eh\u00f4r.  Nov\u00e1 Lesn\u00e1 ma v\u00fdhodn\u00fa polohu: le\u017e\u00ed len 5 km od Star\u00e9ho Smokovca, turistick\u00e9ho centra Vysok\u00fdch Tatier, a 7 km od Popradu, ktor\u00fd je obchodn\u00fdm centrom cel\u00e9ho podtatransk\u00e9ho regi\u00f3nu.  Je tak ide\u00e1lnym miestom na str\u00e1venie pr\u00edjemnej dovolenky vo Vysok\u00fdch Tatr\u00e1ch. <\/p>\n\n\n\n<p>Vdaka svojej polohe umo\u017e\u0148uje turistom ne\u010falek\u00e9 v\u00fdlety aj do N\u00edzkych Tatier (25 km), Slovensk\u00e9ho Raja (30 km) a Pieninsk\u00e9ho n\u00e1rodn\u00e9ho parku (35 km). V na\u0161ej obci je viacero re\u0161taur\u00e1ci\u00ed, obchod s potravinami, dve autobusov\u00e9 stanice, \u017eelezni\u010dn\u00e1 stanica elektri\u010diek.<\/p>\n\n\n\n<p>Nov\u00e1 Lesn\u00e1 pon\u00faka v\u00fdborn\u00e9 ponuky nielen pre letn\u00e9 \u0161porty ( atletika, tenis, basketbal, volejbal, cyklistika a kor\u010dulovanie ) ale aj pre zimn\u00e9 \u0161porty (beh na ly\u017eiach, kor\u010dulovanie, ly\u017eovaniea s\u00e1nkovanie). Pre mlad\u00fdch je v dedine vybudovan\u00e1 lezeck\u00e1 stena.<\/p>\n\n\n\n<p>N\u00e1\u0161 penzi\u00f3n je situovan\u00fd v hornej polovici Novej Lesnej. <\/p>\n\n\n\n<p>Ku \u017eeleznicnej stanici elektri\u010dek je to asi 20 min\u00fat prech\u00e1dzky od n\u00e1s a ku autobusovej zast\u00e1vke je to pribli\u017ene 10 min\u00fat.<\/p>\n","protected":false},"excerpt":{"rendered":"<p>Vysok\u00e9 Tatry Dominantou v na\u0161om okol\u00ed s\u00fa ur\u010dite Vysok\u00e9 Tatry, najmen\u0161ie ve\u013ehory sveta! Vysok\u00e9 Tatry a okolie pon\u00fakaj\u00fa skvel\u00e9 podmienky pre mnoho \u0161portov ako je ly\u017eovanie, beh na ly\u017eiach, kor\u010dulovanie, s\u00e1nkovanie, tenis, pl\u00e1vanie, turistiku, horolezectvo aj golf. Po kr\u00e1snych t\u00farach vo Vysok\u00fdch Tatr\u00e1ch si m\u00f4\u017eete odd\u00fdchnu\u0165 v term\u00e1lnych k\u00fapalisk\u00e1ch v Poprade (www.aquacity.sk), Be\u0161e\u0148ovej, vo Vrbove [&hellip;]<\/p>\n","protected":false},"author":1,"featured_media":0,"parent":0,"menu_order":0,"comment_status":"closed","ping_status":"closed","template":"","meta":{"_monsterinsights_skip_tracking":false,"_monsterinsights_sitenote_active":false,"_monsterinsights_sitenote_note":"","_monsterinsights_sitenote_category":0},"yoast_head":"<!-- This site is optimized with the Yoast SEO plugin v19.6 - https:\/\/yoast.com\/wordpress\/plugins\/seo\/ -->\n<title>Region - Privat Kollar<\/title>\n<meta name=\"description\" content=\"Region Privatu Kollar a jeho okolia. Vysok\u00e9 Tatry, Nov\u00e1 Lesn\u00e1.\" \/>\n<meta name=\"robots\" content=\"index, follow, max-snippet:-1, max-image-preview:large, max-video-preview:-1\" \/>\n<link rel=\"canonical\" href=\"https:\/\/www.privatkollar.sk\/?page_id=15\" \/>\n<meta property=\"og:locale\" content=\"sk_SK\" \/>\n<meta property=\"og:type\" content=\"article\" \/>\n<meta property=\"og:title\" content=\"Region - Privat Kollar\" \/>\n<meta property=\"og:description\" content=\"Region Privatu Kollar a jeho okolia. Vysok\u00e9 Tatry, Nov\u00e1 Lesn\u00e1.\" \/>\n<meta property=\"og:url\" content=\"https:\/\/www.privatkollar.sk\/?page_id=15\" \/>\n<meta property=\"og:site_name\" content=\"Privat Kollar\" \/>\n<meta property=\"article:modified_time\" content=\"2022-08-28T17:33:24+00:00\" \/>\n<meta name=\"twitter:card\" content=\"summary_large_image\" \/>\n<meta name=\"twitter:label1\" content=\"Predpokladan\u00fd \u010das \u010d\u00edtania\" \/>\n\t<meta name=\"twitter:data1\" content=\"2 min\u00faty\" \/>\n<script type=\"application\/ld+json\" class=\"yoast-schema-graph\">{\"@context\":\"https:\/\/schema.org\",\"@graph\":[{\"@type\":\"WebPage\",\"@id\":\"https:\/\/www.privatkollar.sk\/?page_id=15\",\"url\":\"https:\/\/www.privatkollar.sk\/?page_id=15\",\"name\":\"Region - Privat Kollar\",\"isPartOf\":{\"@id\":\"https:\/\/www.privatkollar.sk\/#website\"},\"datePublished\":\"2022-08-28T12:17:21+00:00\",\"dateModified\":\"2022-08-28T17:33:24+00:00\",\"description\":\"Region Privatu Kollar a jeho okolia. Vysok\u00e9 Tatry, Nov\u00e1 Lesn\u00e1.\",\"breadcrumb\":{\"@id\":\"https:\/\/www.privatkollar.sk\/?page_id=15#breadcrumb\"},\"inLanguage\":\"sk-SK\",\"potentialAction\":[{\"@type\":\"ReadAction\",\"target\":[\"https:\/\/www.privatkollar.sk\/?page_id=15\"]}]},{\"@type\":\"BreadcrumbList\",\"@id\":\"https:\/\/www.privatkollar.sk\/?page_id=15#breadcrumb\",\"itemListElement\":[{\"@type\":\"ListItem\",\"position\":1,\"name\":\"Home\",\"item\":\"https:\/\/www.privatkollar.sk\/\"},{\"@type\":\"ListItem\",\"position\":2,\"name\":\"Region\"}]},{\"@type\":\"WebSite\",\"@id\":\"https:\/\/www.privatkollar.sk\/#website\",\"url\":\"https:\/\/www.privatkollar.sk\/\",\"name\":\"Privat Kollar\",\"description\":\"\",\"potentialAction\":[{\"@type\":\"SearchAction\",\"target\":{\"@type\":\"EntryPoint\",\"urlTemplate\":\"https:\/\/www.privatkollar.sk\/?s={search_term_string}\"},\"query-input\":\"required name=search_term_string\"}],\"inLanguage\":\"sk-SK\"}]}<\/script>\n<!-- \/ Yoast SEO plugin. -->","yoast_head_json":{"title":"Region - Privat Kollar","description":"Region Privatu Kollar a jeho okolia. Vysok\u00e9 Tatry, Nov\u00e1 Lesn\u00e1.","robots":{"index":"index","follow":"follow","max-snippet":"max-snippet:-1","max-image-preview":"max-image-preview:large","max-video-preview":"max-video-preview:-1"},"canonical":"https:\/\/www.privatkollar.sk\/?page_id=15","og_locale":"sk_SK","og_type":"article","og_title":"Region - Privat Kollar","og_description":"Region Privatu Kollar a jeho okolia. Vysok\u00e9 Tatry, Nov\u00e1 Lesn\u00e1.","og_url":"https:\/\/www.privatkollar.sk\/?page_id=15","og_site_name":"Privat Kollar","article_modified_time":"2022-08-28T17:33:24+00:00","twitter_card":"summary_large_image","twitter_misc":{"Predpokladan\u00fd \u010das \u010d\u00edtania":"2 min\u00faty"},"schema":{"@context":"https:\/\/schema.org","@graph":[{"@type":"WebPage","@id":"https:\/\/www.privatkollar.sk\/?page_id=15","url":"https:\/\/www.privatkollar.sk\/?page_id=15","name":"Region - Privat Kollar","isPartOf":{"@id":"https:\/\/www.privatkollar.sk\/#website"},"datePublished":"2022-08-28T12:17:21+00:00","dateModified":"2022-08-28T17:33:24+00:00","description":"Region Privatu Kollar a jeho okolia. Vysok\u00e9 Tatry, Nov\u00e1 Lesn\u00e1.","breadcrumb":{"@id":"https:\/\/www.privatkollar.sk\/?page_id=15#breadcrumb"},"inLanguage":"sk-SK","potentialAction":[{"@type":"ReadAction","target":["https:\/\/www.privatkollar.sk\/?page_id=15"]}]},{"@type":"BreadcrumbList","@id":"https:\/\/www.privatkollar.sk\/?page_id=15#breadcrumb","itemListElement":[{"@type":"ListItem","position":1,"name":"Home","item":"https:\/\/www.privatkollar.sk\/"},{"@type":"ListItem","position":2,"name":"Region"}]},{"@type":"WebSite","@id":"https:\/\/www.privatkollar.sk\/#website","url":"https:\/\/www.privatkollar.sk\/","name":"Privat Kollar","description":"","potentialAction":[{"@type":"SearchAction","target":{"@type":"EntryPoint","urlTemplate":"https:\/\/www.privatkollar.sk\/?s={search_term_string}"},"query-input":"required name=search_term_string"}],"inLanguage":"sk-SK"}]}},"_links":{"self":[{"href":"https:\/\/www.privatkollar.sk\/index.php?rest_route=\/wp\/v2\/pages\/15"}],"collection":[{"href":"https:\/\/www.privatkollar.sk\/index.php?rest_route=\/wp\/v2\/pages"}],"about":[{"href":"https:\/\/www.privatkollar.sk\/index.php?rest_route=\/wp\/v2\/types\/page"}],"author":[{"embeddable":true,"href":"https:\/\/www.privatkollar.sk\/index.php?rest_route=\/wp\/v2\/users\/1"}],"replies":[{"embeddable":true,"href":"https:\/\/www.privatkollar.sk\/index.php?rest_route=%2Fwp%2Fv2%2Fcomments&post=15"}],"version-history":[{"count":5,"href":"https:\/\/www.privatkollar.sk\/index.php?rest_route=\/wp\/v2\/pages\/15\/revisions"}],"predecessor-version":[{"id":65,"href":"https:\/\/www.privatkollar.sk\/index.php?rest_route=\/wp\/v2\/pages\/15\/revisions\/65"}],"wp:attachment":[{"href":"https:\/\/www.privatkollar.sk\/index.php?rest_route=%2Fwp%2Fv2%2Fmedia&parent=15"}],"curies":[{"name":"wp","href":"https:\/\/api.w.org\/{rel}","templated":true}]}}